{"id":3132,"date":"2026-02-18T04:59:01","date_gmt":"2026-02-18T04:59:01","guid":{"rendered":"https:\/\/madridhorsetour.com\/accueil\/"},"modified":"2026-07-25T15:19:18","modified_gmt":"2026-07-25T15:19:18","slug":"accueil","status":"publish","type":"page","link":"https:\/\/madridhorsetour.com\/fr\/","title":{"rendered":"Accueil"},"content":{"rendered":"<p>[et_pb_section fb_built=\u00a0\u00bb1&Prime; fullwidth=\u00a0\u00bbon\u00a0\u00bb disabled_on=\u00a0\u00bbon|off|off\u00a0\u00bb admin_label=\u00a0\u00bbSlider Escritorio Tableta\u00a0\u00bb _builder_version=\u00a0\u00bb4.27.6&Prime; _module_preset=\u00a0\u00bbdefault\u00a0\u00bb global_colors_info=\u00a0\u00bb{}\u00a0\u00bb][et_pb_fullwidth_slider _builder_version=\u00a0\u00bb4.27.6&Prime; _module_preset=\u00a0\u00bbdefault\u00a0\u00bb background_image=\u00a0\u00bbhttps:\/\/madridhorsetour.com\/wp-content\/uploads\/2026\/06\/Madrid-Horse-Tour-85.jpg\u00a0\u00bb animation_style=\u00a0\u00bbslide\u00a0\u00bb auto=\u00a0\u00bbon\u00a0\u00bb auto_speed=\u00a0\u00bb5000&Prime; global_colors_info=\u00a0\u00bb{}\u00a0\u00bb][et_pb_slide heading=\u00a0\u00bbMadrid Horse Tour\u00a0\u00bb button_text=\u00a0\u00bbVoir les itin\u00e9raires\u00a0\u00bb button_link=\u00a0\u00bbhttps:\/\/madridhorsetour.com\/fr\/calendrier-randonnees\/\u00a0\u00bb use_text_overlay=\u00a0\u00bbon\u00a0\u00bb text_overlay_color=\u00a0\u00bbrgba(76,67,57,0.57)\u00a0\u00bb _builder_version=\u00a0\u00bb4.27.6&Prime; _module_preset=\u00a0\u00bbdefault\u00a0\u00bb background_image=\u00a0\u00bbhttps:\/\/madridhorsetour.com\/wp-content\/uploads\/2026\/06\/Madrid-Horse-Tour-63.jpg\u00a0\u00bb background_enable_image=\u00a0\u00bbon\u00a0\u00bb custom_button=\u00a0\u00bbon\u00a0\u00bb button_bg_color=\u00a0\u00bbrgba(87,78,67,0.71)\u00a0\u00bb text_orientation=\u00a0\u00bbleft\u00a0\u00bb global_colors_info=\u00a0\u00bb{}\u00a0\u00bb sticky_transition=\u00a0\u00bbon\u00a0\u00bb]<\/p>\n<p>Chez Madrid Horse Tour, nous proposons des exp\u00e9riences \u00e9questres exclusives \u00e0 travers la Sierra madril\u00e8ne, des itin\u00e9raires historiques entre ch\u00e2teaux et des parcours d\u2019exception reliant la Sierra segovienne, dans un cadre naturel d\u2019une beaut\u00e9 extraordinaire et d\u2019une grande valeur patrimoniale.<\/p>\n<p>[\/et_pb_slide][et_pb_slide heading=\u00a0\u00bbDes horizons sans limites\u00a0\u00bb button_text=\u00a0\u00bbVoir les itin\u00e9raires\u00a0\u00bb button_link=\u00a0\u00bbhttps:\/\/madridhorsetour.com\/fr\/calendrier-randonnees\/\u00a0\u00bb use_text_overlay=\u00a0\u00bbon\u00a0\u00bb text_overlay_color=\u00a0\u00bbrgba(76,67,57,0.57)\u00a0\u00bb admin_title=\u00a0\u00bbHorizontes sin l\u00edmites\u00a0\u00bb _builder_version=\u00a0\u00bb4.27.6&Prime; _module_preset=\u00a0\u00bbdefault\u00a0\u00bb background_image=\u00a0\u00bbhttps:\/\/madridhorsetour.com\/wp-content\/uploads\/2026\/06\/Madrid-Horse-Tour-86.jpg\u00a0\u00bb background_enable_image=\u00a0\u00bbon\u00a0\u00bb custom_button=\u00a0\u00bbon\u00a0\u00bb button_bg_color=\u00a0\u00bbrgba(87,78,67,0.71)\u00a0\u00bb text_orientation=\u00a0\u00bbleft\u00a0\u00bb global_colors_info=\u00a0\u00bb{}\u00a0\u00bb sticky_transition=\u00a0\u00bbon\u00a0\u00bb]<\/p>\n<p>D\u00e9connectez de la ville \u00e0 moins d\u2019une heure de Madrid. Chevauchez \u00e0 travers des paysages majestueux et respirez un air pur, dans un environnement o\u00f9 la nature est la v\u00e9ritable protagoniste. <\/p>\n<p>[\/et_pb_slide][et_pb_slide heading=\u00a0\u00bbL\u00e0 o\u00f9 le temps s\u2019arr\u00eate\u00a0\u00bb button_text=\u00a0\u00bbVoir les itin\u00e9raires\u00a0\u00bb button_link=\u00a0\u00bbhttps:\/\/madridhorsetour.com\/fr\/calendrier-randonnees\/\u00a0\u00bb use_text_overlay=\u00a0\u00bbon\u00a0\u00bb text_overlay_color=\u00a0\u00bbrgba(76,67,57,0.57)\u00a0\u00bb _builder_version=\u00a0\u00bb4.27.6&Prime; _module_preset=\u00a0\u00bbdefault\u00a0\u00bb background_image=\u00a0\u00bbhttps:\/\/madridhorsetour.com\/wp-content\/uploads\/2026\/06\/Madrid-Horse-Tour-85.jpg\u00a0\u00bb background_enable_image=\u00a0\u00bbon\u00a0\u00bb custom_button=\u00a0\u00bbon\u00a0\u00bb button_bg_color=\u00a0\u00bbrgba(87,78,67,0.71)\u00a0\u00bb text_orientation=\u00a0\u00bbleft\u00a0\u00bb global_colors_info=\u00a0\u00bb{}\u00a0\u00bb sticky_transition=\u00a0\u00bbon\u00a0\u00bb]<\/p>\n<p>Un refuge exclusif en parfaite harmonie avec la Sierra. Une atmosph\u00e8re pens\u00e9e pour que l\u2019exp\u00e9rience commence bien avant de mettre le pied \u00e0 l\u2019\u00e9trier, vous enveloppant dans un r\u00e9cit de calme et de confort. <\/p>\n<p>[\/et_pb_slide][et_pb_slide heading=\u00a0\u00bbComplicit\u00e9 et fluidit\u00e9\u00a0\u00bb button_text=\u00a0\u00bbVoir les itin\u00e9raires\u00a0\u00bb button_link=\u00a0\u00bbhttps:\/\/madridhorsetour.com\/fr\/calendrier-randonnees\/\u00a0\u00bb use_text_overlay=\u00a0\u00bbon\u00a0\u00bb text_overlay_color=\u00a0\u00bbrgba(76,67,57,0.57)\u00a0\u00bb _builder_version=\u00a0\u00bb4.27.6&Prime; _module_preset=\u00a0\u00bbdefault\u00a0\u00bb background_image=\u00a0\u00bbhttps:\/\/madridhorsetour.com\/wp-content\/uploads\/2026\/06\/Madrid-Horse-Tour-87.jpg\u00a0\u00bb background_enable_image=\u00a0\u00bbon\u00a0\u00bb custom_button=\u00a0\u00bbon\u00a0\u00bb button_bg_color=\u00a0\u00bbrgba(87,78,67,0.71)\u00a0\u00bb text_orientation=\u00a0\u00bbleft\u00a0\u00bb global_colors_info=\u00a0\u00bb{}\u00a0\u00bb sticky_transition=\u00a0\u00bbon\u00a0\u00bb]<\/p>\n<p>Des chevaux magnifiquement entra\u00een\u00e9s et s\u00e9lectionn\u00e9s selon votre niveau d\u2019\u00e9quitation. Profitez d\u2019une v\u00e9ritable connexion avec l\u2019animal, guid\u00e9e par des experts \u00e9questres d\u2019une grande sensibilit\u00e9. <\/p>\n<p>[\/et_pb_slide][et_pb_slide heading=\u00a0\u00bbL\u2019excellence dans chaque d\u00e9tail\u00a0\u00bb button_text=\u00a0\u00bbVoir les itin\u00e9raires\u00a0\u00bb button_link=\u00a0\u00bbhttps:\/\/madridhorsetour.com\/fr\/calendrier-randonnees\/\u00a0\u00bb use_text_overlay=\u00a0\u00bbon\u00a0\u00bb text_overlay_color=\u00a0\u00bbrgba(76,67,57,0.57)\u00a0\u00bb _builder_version=\u00a0\u00bb4.27.6&Prime; _module_preset=\u00a0\u00bbdefault\u00a0\u00bb background_image=\u00a0\u00bbhttps:\/\/madridhorsetour.com\/wp-content\/uploads\/2026\/06\/Madrid-Horse-Tour-88.jpg\u00a0\u00bb background_enable_image=\u00a0\u00bbon\u00a0\u00bb custom_button=\u00a0\u00bbon\u00a0\u00bb button_bg_color=\u00a0\u00bbrgba(87,78,67,0.71)\u00a0\u00bb text_orientation=\u00a0\u00bbleft\u00a0\u00bb global_colors_info=\u00a0\u00bb{}\u00a0\u00bb sticky_transition=\u00a0\u00bbon\u00a0\u00bb]<\/p>\n<p>Un standard d\u2019hospitalit\u00e9 irr\u00e9prochable, con\u00e7u pour que votre seule occupation soit de profiter du parcours. Une attention personnalis\u00e9e, sophistiqu\u00e9e et enti\u00e8rement adapt\u00e9e \u00e0 votre propre rythme. <\/p>\n<p>[\/et_pb_slide][et_pb_slide heading=\u00a0\u00bbParcours s\u00e9lects\u00a0\u00bb button_text=\u00a0\u00bbVoir les itin\u00e9raires\u00a0\u00bb button_link=\u00a0\u00bbhttps:\/\/madridhorsetour.com\/fr\/calendrier-randonnees\/\u00a0\u00bb use_text_overlay=\u00a0\u00bbon\u00a0\u00bb text_overlay_color=\u00a0\u00bbrgba(76,67,57,0.57)\u00a0\u00bb _builder_version=\u00a0\u00bb4.27.6&Prime; _module_preset=\u00a0\u00bbdefault\u00a0\u00bb background_image=\u00a0\u00bbhttps:\/\/madridhorsetour.com\/wp-content\/uploads\/2026\/05\/MHT-3.jpg\u00a0\u00bb background_enable_image=\u00a0\u00bbon\u00a0\u00bb custom_button=\u00a0\u00bbon\u00a0\u00bb button_bg_color=\u00a0\u00bbrgba(87,78,67,0.71)\u00a0\u00bb text_orientation=\u00a0\u00bbleft\u00a0\u00bb global_colors_info=\u00a0\u00bb{}\u00a0\u00bb sticky_transition=\u00a0\u00bbon\u00a0\u00bb]<\/p>\n<p>D\u00e9couvrez des itin\u00e9raires exclusifs reliant des ch\u00e2teaux historiques et des sites m\u00e9di\u00e9vaux. Des parcours singuliers qui connectent la Sierra madril\u00e8ne \u00e0 la Sierra segovienne, con\u00e7us pour les cavaliers les plus exigeants.<\/p>\n<p>[\/et_pb_slide][et_pb_slide heading=\u00a0\u00bbDes itin\u00e9raires avec une identit\u00e9\u00a0\u00bb button_text=\u00a0\u00bbVoir les itin\u00e9raires\u00a0\u00bb button_link=\u00a0\u00bbhttps:\/\/madridhorsetour.com\/fr\/calendrier-randonnees\/\u00a0\u00bb use_text_overlay=\u00a0\u00bbon\u00a0\u00bb text_overlay_color=\u00a0\u00bbrgba(76,67,57,0.57)\u00a0\u00bb _builder_version=\u00a0\u00bb4.27.6&Prime; _module_preset=\u00a0\u00bbdefault\u00a0\u00bb background_image=\u00a0\u00bbhttps:\/\/madridhorsetour.com\/wp-content\/uploads\/2026\/06\/MHT-44.jpeg\u00a0\u00bb background_enable_image=\u00a0\u00bbon\u00a0\u00bb custom_button=\u00a0\u00bbon\u00a0\u00bb button_bg_color=\u00a0\u00bbrgba(87,78,67,0.71)\u00a0\u00bb text_orientation=\u00a0\u00bbleft\u00a0\u00bb global_colors_info=\u00a0\u00bb{}\u00a0\u00bb sticky_transition=\u00a0\u00bbon\u00a0\u00bb]<\/p>\n<p>Explorez notre calendrier de parcours exclusifs. Choisissez entre des journ\u00e9es d\u2019exception de quelques heures avec un d\u00e9jeuner gourmet de saison, ou de grandes travers\u00e9es jusqu\u2019\u00e0 5 jours avec des s\u00e9jours dans des h\u00f4tels de charme. <\/p>\n<p>[\/et_pb_slide][\/et_pb_fullwidth_slider][\/et_pb_section][et_pb_section fb_built=\u00a0\u00bb1&Prime; fullwidth=\u00a0\u00bbon\u00a0\u00bb disabled_on=\u00a0\u00bboff|on|on\u00a0\u00bb admin_label=\u00a0\u00bbSlider M\u00f3vil\u00a0\u00bb _builder_version=\u00a0\u00bb4.27.6&Prime; _module_preset=\u00a0\u00bbdefault\u00a0\u00bb global_colors_info=\u00a0\u00bb{}\u00a0\u00bb][et_pb_fullwidth_slider _builder_version=\u00a0\u00bb4.27.6&Prime; _module_preset=\u00a0\u00bbdefault\u00a0\u00bb background_image=\u00a0\u00bbhttps:\/\/madridhorsetour.com\/wp-content\/uploads\/2026\/06\/Madrid-Horse-Tour-85.jpg\u00a0\u00bb animation_style=\u00a0\u00bbslide\u00a0\u00bb auto=\u00a0\u00bbon\u00a0\u00bb auto_speed=\u00a0\u00bb5000&Prime; hover_enabled=\u00a0\u00bb0&Prime; global_colors_info=\u00a0\u00bb{}\u00a0\u00bb sticky_enabled=\u00a0\u00bb0&Prime;][et_pb_slide heading=\u00a0\u00bbMadrid Horse Tour\u00a0\u00bb button_text=\u00a0\u00bbVoir les itin\u00e9raires\u00a0\u00bb button_link=\u00a0\u00bbhttps:\/\/madridhorsetour.com\/fr\/calendrier-randonnees\/\u00a0\u00bb use_text_overlay=\u00a0\u00bbon\u00a0\u00bb text_overlay_color=\u00a0\u00bbrgba(76,67,57,0.57)\u00a0\u00bb _builder_version=\u00a0\u00bb4.27.6&Prime; _module_preset=\u00a0\u00bbdefault\u00a0\u00bb background_image=\u00a0\u00bbhttps:\/\/madridhorsetour.com\/wp-content\/uploads\/2026\/06\/Madrid-Horse-Tour-63.jpg\u00a0\u00bb background_enable_image=\u00a0\u00bbon\u00a0\u00bb custom_button=\u00a0\u00bbon\u00a0\u00bb button_bg_color=\u00a0\u00bbrgba(87,78,67,0.71)\u00a0\u00bb text_orientation=\u00a0\u00bbleft\u00a0\u00bb global_colors_info=\u00a0\u00bb{}\u00a0\u00bb sticky_transition=\u00a0\u00bbon\u00a0\u00bb]<\/p>\n<p>Chez Madrid Horse Tour, nous proposons des exp\u00e9riences \u00e9questres exclusives \u00e0 travers la Sierra madril\u00e8ne, des itin\u00e9raires historiques entre ch\u00e2teaux et des parcours d\u2019exception reliant la Sierra segovienne, dans un cadre naturel d\u2019une beaut\u00e9 extraordinaire et d\u2019une grande valeur patrimoniale.<\/p>\n<p>[\/et_pb_slide][et_pb_slide heading=\u00a0\u00bbDes horizons sans limites\u00a0\u00bb button_text=\u00a0\u00bbVoir les itin\u00e9raires\u00a0\u00bb button_link=\u00a0\u00bbhttps:\/\/madridhorsetour.com\/fr\/calendrier-randonnees\/\u00a0\u00bb use_text_overlay=\u00a0\u00bbon\u00a0\u00bb text_overlay_color=\u00a0\u00bbrgba(76,67,57,0.57)\u00a0\u00bb admin_title=\u00a0\u00bbHorizontes sin l\u00edmites\u00a0\u00bb _builder_version=\u00a0\u00bb4.27.6&Prime; _module_preset=\u00a0\u00bbdefault\u00a0\u00bb background_image=\u00a0\u00bbhttps:\/\/madridhorsetour.com\/wp-content\/uploads\/2026\/06\/Madrid-Horse-Tour-86.jpg\u00a0\u00bb background_enable_image=\u00a0\u00bbon\u00a0\u00bb custom_button=\u00a0\u00bbon\u00a0\u00bb button_bg_color=\u00a0\u00bbrgba(87,78,67,0.71)\u00a0\u00bb text_orientation=\u00a0\u00bbleft\u00a0\u00bb global_colors_info=\u00a0\u00bb{}\u00a0\u00bb sticky_transition=\u00a0\u00bbon\u00a0\u00bb]<\/p>\n<p>D\u00e9connectez de la ville \u00e0 moins d\u2019une heure de Madrid. Chevauchez \u00e0 travers des paysages majestueux et respirez un air pur, dans un environnement o\u00f9 la nature est la v\u00e9ritable protagoniste. <\/p>\n<p>[\/et_pb_slide][et_pb_slide heading=\u00a0\u00bbL\u00e0 o\u00f9 le temps s\u2019arr\u00eate\u00a0\u00bb button_text=\u00a0\u00bbVoir les itin\u00e9raires\u00a0\u00bb button_link=\u00a0\u00bbhttps:\/\/madridhorsetour.com\/fr\/calendrier-randonnees\/\u00a0\u00bb use_text_overlay=\u00a0\u00bbon\u00a0\u00bb text_overlay_color=\u00a0\u00bbrgba(76,67,57,0.57)\u00a0\u00bb _builder_version=\u00a0\u00bb4.27.6&Prime; _module_preset=\u00a0\u00bbdefault\u00a0\u00bb background_image=\u00a0\u00bbhttps:\/\/madridhorsetour.com\/wp-content\/uploads\/2026\/06\/Madrid-Horse-Tour-85.jpg\u00a0\u00bb background_enable_image=\u00a0\u00bbon\u00a0\u00bb custom_button=\u00a0\u00bbon\u00a0\u00bb button_bg_color=\u00a0\u00bbrgba(87,78,67,0.71)\u00a0\u00bb text_orientation=\u00a0\u00bbleft\u00a0\u00bb global_colors_info=\u00a0\u00bb{}\u00a0\u00bb sticky_transition=\u00a0\u00bbon\u00a0\u00bb]<\/p>\n<p>Un refuge exclusif en parfaite harmonie avec la Sierra. Une atmosph\u00e8re pens\u00e9e pour que l\u2019exp\u00e9rience commence bien avant de mettre le pied \u00e0 l\u2019\u00e9trier, vous enveloppant dans un r\u00e9cit de calme et de confort. <\/p>\n<p>[\/et_pb_slide][et_pb_slide heading=\u00a0\u00bbComplicit\u00e9 et fluidit\u00e9\u00a0\u00bb button_text=\u00a0\u00bbVoir les itin\u00e9raires\u00a0\u00bb button_link=\u00a0\u00bbhttps:\/\/madridhorsetour.com\/fr\/calendrier-randonnees\/\u00a0\u00bb use_text_overlay=\u00a0\u00bbon\u00a0\u00bb text_overlay_color=\u00a0\u00bbrgba(76,67,57,0.57)\u00a0\u00bb _builder_version=\u00a0\u00bb4.27.6&Prime; _module_preset=\u00a0\u00bbdefault\u00a0\u00bb background_image=\u00a0\u00bbhttps:\/\/madridhorsetour.com\/wp-content\/uploads\/2026\/06\/Madrid-Horse-Tour-87.jpg\u00a0\u00bb background_enable_image=\u00a0\u00bbon\u00a0\u00bb custom_button=\u00a0\u00bbon\u00a0\u00bb button_bg_color=\u00a0\u00bbrgba(87,78,67,0.71)\u00a0\u00bb text_orientation=\u00a0\u00bbleft\u00a0\u00bb global_colors_info=\u00a0\u00bb{}\u00a0\u00bb sticky_transition=\u00a0\u00bbon\u00a0\u00bb]<\/p>\n<p>Des chevaux magnifiquement entra\u00een\u00e9s et s\u00e9lectionn\u00e9s selon votre niveau d\u2019\u00e9quitation. Profitez d\u2019une v\u00e9ritable connexion avec l\u2019animal, guid\u00e9e par des experts \u00e9questres d\u2019une grande sensibilit\u00e9. <\/p>\n<p>[\/et_pb_slide][et_pb_slide heading=\u00a0\u00bbL\u2019excellence dans chaque d\u00e9tail\u00a0\u00bb button_text=\u00a0\u00bbVoir les itin\u00e9raires\u00a0\u00bb button_link=\u00a0\u00bbhttps:\/\/madridhorsetour.com\/fr\/calendrier-randonnees\/\u00a0\u00bb use_text_overlay=\u00a0\u00bbon\u00a0\u00bb text_overlay_color=\u00a0\u00bbrgba(76,67,57,0.57)\u00a0\u00bb _builder_version=\u00a0\u00bb4.27.6&Prime; _module_preset=\u00a0\u00bbdefault\u00a0\u00bb background_image=\u00a0\u00bbhttps:\/\/madridhorsetour.com\/wp-content\/uploads\/2026\/06\/Madrid-Horse-Tour-88.jpg\u00a0\u00bb background_enable_image=\u00a0\u00bbon\u00a0\u00bb custom_button=\u00a0\u00bbon\u00a0\u00bb button_bg_color=\u00a0\u00bbrgba(87,78,67,0.71)\u00a0\u00bb text_orientation=\u00a0\u00bbleft\u00a0\u00bb global_colors_info=\u00a0\u00bb{}\u00a0\u00bb sticky_transition=\u00a0\u00bbon\u00a0\u00bb]<\/p>\n<p>Un standard d\u2019hospitalit\u00e9 irr\u00e9prochable, con\u00e7u pour que votre seule occupation soit de profiter du parcours. Une attention personnalis\u00e9e, sophistiqu\u00e9e et enti\u00e8rement adapt\u00e9e \u00e0 votre propre rythme. <\/p>\n<p>[\/et_pb_slide][et_pb_slide heading=\u00a0\u00bbParcours s\u00e9lects\u00a0\u00bb button_text=\u00a0\u00bbVoir les itin\u00e9raires\u00a0\u00bb button_link=\u00a0\u00bbhttps:\/\/madridhorsetour.com\/fr\/calendrier-randonnees\/\u00a0\u00bb use_text_overlay=\u00a0\u00bbon\u00a0\u00bb text_overlay_color=\u00a0\u00bbrgba(76,67,57,0.57)\u00a0\u00bb _builder_version=\u00a0\u00bb4.27.6&Prime; _module_preset=\u00a0\u00bbdefault\u00a0\u00bb background_image=\u00a0\u00bbhttps:\/\/madridhorsetour.com\/wp-content\/uploads\/2026\/05\/MHT-3.jpg\u00a0\u00bb background_enable_image=\u00a0\u00bbon\u00a0\u00bb custom_button=\u00a0\u00bbon\u00a0\u00bb button_bg_color=\u00a0\u00bbrgba(87,78,67,0.71)\u00a0\u00bb text_orientation=\u00a0\u00bbleft\u00a0\u00bb hover_enabled=\u00a0\u00bb0&Prime; global_colors_info=\u00a0\u00bb{}\u00a0\u00bb sticky_transition=\u00a0\u00bbon\u00a0\u00bb sticky_enabled=\u00a0\u00bb0&Prime;]<\/p>\n<p>D\u00e9couvrez des itin\u00e9raires exclusifs reliant des ch\u00e2teaux historiques et des sites m\u00e9di\u00e9vaux. Des parcours singuliers qui connectent la Sierra madril\u00e8ne \u00e0 la Sierra segovienne, con\u00e7us pour les cavaliers les plus exigeants.<\/p>\n<p>[\/et_pb_slide][et_pb_slide heading=\u00a0\u00bbDes itin\u00e9raires avec une identit\u00e9\u00a0\u00bb button_text=\u00a0\u00bbVoir les itin\u00e9raires\u00a0\u00bb button_link=\u00a0\u00bbhttps:\/\/madridhorsetour.com\/fr\/calendrier-randonnees\/\u00a0\u00bb use_text_overlay=\u00a0\u00bbon\u00a0\u00bb text_overlay_color=\u00a0\u00bbrgba(76,67,57,0.57)\u00a0\u00bb _builder_version=\u00a0\u00bb4.27.6&Prime; _module_preset=\u00a0\u00bbdefault\u00a0\u00bb background_image=\u00a0\u00bbhttps:\/\/madridhorsetour.com\/wp-content\/uploads\/2026\/06\/MHT-44.jpeg\u00a0\u00bb background_enable_image=\u00a0\u00bbon\u00a0\u00bb custom_button=\u00a0\u00bbon\u00a0\u00bb button_bg_color=\u00a0\u00bbrgba(87,78,67,0.71)\u00a0\u00bb text_orientation=\u00a0\u00bbleft\u00a0\u00bb global_colors_info=\u00a0\u00bb{}\u00a0\u00bb sticky_transition=\u00a0\u00bbon\u00a0\u00bb]<\/p>\n<p>Explorez notre calendrier de parcours exclusifs. Choisissez entre des journ\u00e9es d\u2019exception de quelques heures avec un d\u00e9jeuner gourmet de saison, ou de grandes travers\u00e9es jusqu\u2019\u00e0 5 jours avec des s\u00e9jours dans des h\u00f4tels de charme. <\/p>\n<p>[\/et_pb_slide][\/et_pb_fullwidth_slider][\/et_pb_section][et_pb_section fb_built=\u00a0\u00bb1&Prime; _builder_version=\u00a0\u00bb4.27.6&Prime; _module_preset=\u00a0\u00bbdefault\u00a0\u00bb global_colors_info=\u00a0\u00bb{}\u00a0\u00bb][et_pb_row _builder_version=\u00a0\u00bb4.27.6&Prime; _module_preset=\u00a0\u00bbdefault\u00a0\u00bb global_colors_info=\u00a0\u00bb{}\u00a0\u00bb][et_pb_column type=\u00a0\u00bb4_4&Prime; _builder_version=\u00a0\u00bb4.27.6&Prime; _module_preset=\u00a0\u00bbdefault\u00a0\u00bb global_colors_info=\u00a0\u00bb{}\u00a0\u00bb][et_pb_text admin_label=\u00a0\u00bbEn Madrid Horse Tour ofrecemos experiencias\u00a0\u00bb _builder_version=\u00a0\u00bb4.27.6&Prime; _module_preset=\u00a0\u00bbdefault\u00a0\u00bb text_font_size=\u00a0\u00bb20px\u00a0\u00bb text_line_height=\u00a0\u00bb1.75em\u00a0\u00bb custom_padding=\u00a0\u00bb||0px|||\u00a0\u00bb text_font_size_last_edited=\u00a0\u00bboff|desktop\u00a0\u00bb global_colors_info=\u00a0\u00bb{}\u00a0\u00bb]<\/p>\n<p style=\"text-align: justify;\">Chez <strong>Madrid Horse Tour<\/strong>, nous proposons des exp\u00e9riences \u00e9questres exclusives \u00e0 travers la Sierra madril\u00e8ne, des itin\u00e9raires historiques entre ch\u00e2teaux et des parcours d\u2019exception reliant la Sierra segovienne, dans un cadre naturel d\u2019une beaut\u00e9 extraordinaire et d\u2019une grande valeur patrimoniale.<\/p>\n<p>[\/et_pb_text][\/et_pb_column][\/et_pb_row][\/et_pb_section][et_pb_section fb_built=\u00a0\u00bb1&Prime; _builder_version=\u00a0\u00bb4.27.5&Prime; _module_preset=\u00a0\u00bbdefault\u00a0\u00bb background_color=\u00a0\u00bb#f4f1ee\u00a0\u00bb min_height=\u00a0\u00bb245.8px\u00a0\u00bb custom_padding=\u00a0\u00bb90px|||||\u00a0\u00bb global_colors_info=\u00a0\u00bb{}\u00a0\u00bb][et_pb_row _builder_version=\u00a0\u00bb4.27.5&Prime; _module_preset=\u00a0\u00bbdefault\u00a0\u00bb background_color=\u00a0\u00bb#f4f1ee\u00a0\u00bb global_colors_info=\u00a0\u00bb{}\u00a0\u00bb][et_pb_column type=\u00a0\u00bb4_4&Prime; _builder_version=\u00a0\u00bb4.27.5&Prime; _module_preset=\u00a0\u00bbdefault\u00a0\u00bb global_colors_info=\u00a0\u00bb{}\u00a0\u00bb][et_pb_testimonial author=\u00a0\u00bbWinston Churchill\u00a0\u00bb font_icon=\u00a0\u00bb&#xf10d;||fa||900&Prime; admin_label=\u00a0\u00bb%22Es imposible desperdiciar una hora de vida si est\u00e1s encima de la silla de montar%22&Prime; _builder_version=\u00a0\u00bb4.27.6&Prime; _module_preset=\u00a0\u00bbdefault\u00a0\u00bb body_font=\u00a0\u00bb&#8211;et_global_heading_font||||||||\u00a0\u00bb body_font_size=\u00a0\u00bb22px\u00a0\u00bb author_font=\u00a0\u00bb&#8211;et_global_heading_font||||||||\u00a0\u00bb author_text_align=\u00a0\u00bbcenter\u00a0\u00bb author_font_size=\u00a0\u00bb19px\u00a0\u00bb background_color=\u00a0\u00bb#f4f1ee\u00a0\u00bb global_colors_info=\u00a0\u00bb{}\u00a0\u00bb]<\/p>\n<p style=\"text-align: center;\">\u00ab Il est impossible de gaspiller une heure de vie lorsqu\u2019on est en selle. \u00bb<\/p>\n<p>[\/et_pb_testimonial][\/et_pb_column][\/et_pb_row][\/et_pb_section][et_pb_section fb_built=\u00a0\u00bb1&Prime; _builder_version=\u00a0\u00bb4.27.5&Prime; _module_preset=\u00a0\u00bbdefault\u00a0\u00bb custom_padding=\u00a0\u00bb120px||100px|||\u00a0\u00bb global_colors_info=\u00a0\u00bb{}\u00a0\u00bb][et_pb_row _builder_version=\u00a0\u00bb4.27.5&Prime; _module_preset=\u00a0\u00bbdefault\u00a0\u00bb global_colors_info=\u00a0\u00bb{}\u00a0\u00bb][et_pb_column type=\u00a0\u00bb4_4&Prime; _builder_version=\u00a0\u00bb4.27.5&Prime; _module_preset=\u00a0\u00bbdefault\u00a0\u00bb global_colors_info=\u00a0\u00bb{}\u00a0\u00bb][et_pb_text admin_label=\u00a0\u00bbUbicaci\u00f3n Privilegiada\u00a0\u00bb _builder_version=\u00a0\u00bb4.27.6&Prime; _module_preset=\u00a0\u00bbdefault\u00a0\u00bb text_line_height=\u00a0\u00bb1.8em\u00a0\u00bb header_2_font_size=\u00a0\u00bb30px\u00a0\u00bb header_3_font_size=\u00a0\u00bb19px\u00a0\u00bb header_3_line_height=\u00a0\u00bb1.3em\u00a0\u00bb global_colors_info=\u00a0\u00bb{}\u00a0\u00bb]<\/p>\n<h2>Emplacement privil\u00e9gi\u00e9<\/h2>\n<p style=\"text-align: justify;\">La Sierra de Guadarrama offre un cadre exceptionnel pour les randonn\u00e9es \u00e0 cheval, avec des milliers de kilom\u00e8tres de chemins traversant des \u00e9cosyst\u00e8mes uniques de haute montagne m\u00e9diterran\u00e9enne.<\/p>\n<p style=\"text-align: justify;\">Un paysage divers et monumental o\u00f9 cohabitent plus de 1\u202f200 esp\u00e8ces animales et plus de 1\u202f500 plantes autochtones, couronn\u00e9 par des sommets embl\u00e9matiques comme Pe\u00f1alara.<\/p>\n<p style=\"text-align: justify;\">Parcourir ces territoires \u00e0 cheval, c\u2019est s\u2019enfoncer dans des for\u00eats de pins, de ch\u00eanes et de h\u00eatres, o\u00f9 vivent cerfs, chevreuils, bouquetins et grands rapaces, pour une exp\u00e9rience qui connecte profond\u00e9ment \u00e0 la nature.<\/p>\n<p>[\/et_pb_text][et_pb_image src=\u00a0\u00bbhttps:\/\/madridhorsetour.com\/wp-content\/uploads\/2026\/05\/MHT-4.jpg\u00a0\u00bb title_text=\u00a0\u00bbMHT 4&Prime; _builder_version=\u00a0\u00bb4.27.6&Prime; _module_preset=\u00a0\u00bbdefault\u00a0\u00bb global_colors_info=\u00a0\u00bb{}\u00a0\u00bb][\/et_pb_image][\/et_pb_column][\/et_pb_row][et_pb_row column_structure=\u00a0\u00bb1_2,1_2&Prime; _builder_version=\u00a0\u00bb4.27.6&Prime; _module_preset=\u00a0\u00bbdefault\u00a0\u00bb global_colors_info=\u00a0\u00bb{}\u00a0\u00bb][et_pb_column type=\u00a0\u00bb1_2&Prime; _builder_version=\u00a0\u00bb4.27.6&Prime; _module_preset=\u00a0\u00bbdefault\u00a0\u00bb global_colors_info=\u00a0\u00bb{}\u00a0\u00bb][et_pb_image src=\u00a0\u00bbhttps:\/\/madridhorsetour.com\/wp-content\/uploads\/2026\/06\/Madrid-Horse-Tour-64-scaled.jpg\u00a0\u00bb title_text=\u00a0\u00bbMadrid Horse Tour 64&Prime; _builder_version=\u00a0\u00bb4.27.6&Prime; _module_preset=\u00a0\u00bbdefault\u00a0\u00bb global_colors_info=\u00a0\u00bb{}\u00a0\u00bb][\/et_pb_image][\/et_pb_column][et_pb_column type=\u00a0\u00bb1_2&Prime; _builder_version=\u00a0\u00bb4.27.6&Prime; _module_preset=\u00a0\u00bbdefault\u00a0\u00bb global_colors_info=\u00a0\u00bb{}\u00a0\u00bb][et_pb_text admin_label=\u00a0\u00bbHoy la Sierra del Guadarrama permanece inconfundible\u00a0\u00bb _builder_version=\u00a0\u00bb4.27.6&Prime; _module_preset=\u00a0\u00bbdefault\u00a0\u00bb text_line_height=\u00a0\u00bb1.8em\u00a0\u00bb header_2_font_size=\u00a0\u00bb30px\u00a0\u00bb header_3_font_size=\u00a0\u00bb19px\u00a0\u00bb header_3_line_height=\u00a0\u00bb1.3em\u00a0\u00bb global_colors_info=\u00a0\u00bb{}\u00a0\u00bb]<\/p>\n<p style=\"text-align: justify;\">Aujourd\u2019hui, la Sierra de Guadarrama demeure inimitable, monumentale et belle, et invite les amoureux de la nature et du cheval \u00e0 parcourir sa peau et \u00e0 vivre des exp\u00e9riences uniques et inoubliables, accompagn\u00e9s et port\u00e9s par l\u2019expertise de Madrid Horse Tour.<\/p>\n<p>[\/et_pb_text][et_pb_text admin_label=\u00a0\u00bbA lo largo de estos recorridos\u00a0\u00bb _builder_version=\u00a0\u00bb4.27.6&Prime; _module_preset=\u00a0\u00bbdefault\u00a0\u00bb text_line_height=\u00a0\u00bb1.8em\u00a0\u00bb header_2_font_size=\u00a0\u00bb30px\u00a0\u00bb header_3_font_size=\u00a0\u00bb19px\u00a0\u00bb header_3_line_height=\u00a0\u00bb1.3em\u00a0\u00bb global_colors_info=\u00a0\u00bb{}\u00a0\u00bb]<\/p>\n<p style=\"text-align: justify;\">Tout au long de ces parcours, le voyageur emprunte d\u2019anciens chemins charg\u00e9s d\u2019histoire, reliant des lieux embl\u00e9matiques tels que S\u00e9govie, Pedraza, La Granja ou l\u2019Escurial, en combinant patrimoine, paysage et culture au cours d\u2019un m\u00eame voyage. Ce territoire, cl\u00e9 dans l\u2019histoire de l\u2019Espagne et source d\u2019inspiration pour artistes et monarques, conserve aujourd\u2019hui son essence intacte, offrant une mani\u00e8re authentique de d\u00e9couvrir la montagne. <\/p>\n<p style=\"text-align: justify;\">Dans cet environnement privil\u00e9gi\u00e9, <strong>Madrid Horse Tours<\/strong> ouvre la porte \u00e0 une exp\u00e9rience \u00e9questre premium, o\u00f9 chaque itin\u00e9raire est con\u00e7u pour profiter du paysage, de l\u2019histoire et de la connexion avec le cheval de mani\u00e8re exclusive, soign\u00e9e et inoubliable.<\/p>\n<p>[\/et_pb_text][\/et_pb_column][\/et_pb_row][\/et_pb_section][et_pb_section fb_built=\u00a0\u00bb1&Prime; _builder_version=\u00a0\u00bb4.27.6&Prime; _module_preset=\u00a0\u00bbdefault\u00a0\u00bb background_color=\u00a0\u00bb#DAD6D1&Prime; custom_padding=\u00a0\u00bb90px||100px|||\u00a0\u00bb global_colors_info=\u00a0\u00bb{}\u00a0\u00bb][et_pb_row _builder_version=\u00a0\u00bb4.27.5&Prime; _module_preset=\u00a0\u00bbdefault\u00a0\u00bb global_colors_info=\u00a0\u00bb{}\u00a0\u00bb][et_pb_column type=\u00a0\u00bb4_4&Prime; _builder_version=\u00a0\u00bb4.27.5&Prime; _module_preset=\u00a0\u00bbdefault\u00a0\u00bb global_colors_info=\u00a0\u00bb{}\u00a0\u00bb][et_pb_video src=\u00a0\u00bbhttps:\/\/youtu.be\/lTwyUNnpjq0&Prime; image_src=\u00a0\u00bb\/\/i.ytimg.com\/vi\/lTwyUNnpjq0\/hqdefault.jpg\u00a0\u00bb _builder_version=\u00a0\u00bb4.27.6&Prime; _module_preset=\u00a0\u00bbdefault\u00a0\u00bb global_colors_info=\u00a0\u00bb{}\u00a0\u00bb][\/et_pb_video][\/et_pb_column][\/et_pb_row][et_pb_row _builder_version=\u00a0\u00bb4.27.6&Prime; _module_preset=\u00a0\u00bbdefault\u00a0\u00bb global_colors_info=\u00a0\u00bb{}\u00a0\u00bb][et_pb_column type=\u00a0\u00bb4_4&Prime; _builder_version=\u00a0\u00bb4.27.6&Prime; _module_preset=\u00a0\u00bbdefault\u00a0\u00bb global_colors_info=\u00a0\u00bb{}\u00a0\u00bb][et_pb_text admin_label=\u00a0\u00bbLa Experiencia Insignia de Madrid Horse Tours\u00a0\u00bb _builder_version=\u00a0\u00bb4.27.6&Prime; _module_preset=\u00a0\u00bbdefault\u00a0\u00bb global_colors_info=\u00a0\u00bb{}\u00a0\u00bb]<\/p>\n<p><strong>L\u2019exp\u00e9rience embl\u00e9matique de Madrid Horse Tours<\/strong><\/p>\n<p style=\"text-align: justify;\">Madrid Horse Tours consolide son positionnement gr\u00e2ce \u00e0 des lieux uniques comme le ch\u00e2teau de Pedraza et les installations de Prado Polo, des sites qui font partie int\u00e9grante de ce qui est devenu l\u2019exp\u00e9rience embl\u00e9matique de l\u2019entreprise et l\u2019une des travers\u00e9es \u00e9questres les plus repr\u00e9sentatives de la Sierra de Guadarrama et de la province de S\u00e9govie.<\/p>\n<p>[\/et_pb_text][\/et_pb_column][\/et_pb_row][et_pb_row column_structure=\u00a0\u00bb1_2,1_2&Prime; _builder_version=\u00a0\u00bb4.27.5&Prime; _module_preset=\u00a0\u00bbdefault\u00a0\u00bb custom_padding=\u00a0\u00bb90px|||||\u00a0\u00bb global_colors_info=\u00a0\u00bb{}\u00a0\u00bb][et_pb_column type=\u00a0\u00bb1_2&Prime; _builder_version=\u00a0\u00bb4.27.5&Prime; _module_preset=\u00a0\u00bbdefault\u00a0\u00bb global_colors_info=\u00a0\u00bb{}\u00a0\u00bb][et_pb_image src=\u00a0\u00bbhttps:\/\/madridhorsetour.com\/wp-content\/uploads\/2026\/02\/Prado-Polo-6.jpg\u00a0\u00bb title_text=\u00a0\u00bbPrado Polo 6&Prime; _builder_version=\u00a0\u00bb4.27.5&Prime; _module_preset=\u00a0\u00bbdefault\u00a0\u00bb global_colors_info=\u00a0\u00bb{}\u00a0\u00bb][\/et_pb_image][\/et_pb_column][et_pb_column type=\u00a0\u00bb1_2&Prime; _builder_version=\u00a0\u00bb4.27.5&Prime; _module_preset=\u00a0\u00bbdefault\u00a0\u00bb global_colors_info=\u00a0\u00bb{}\u00a0\u00bb][et_pb_image src=\u00a0\u00bbhttps:\/\/madridhorsetour.com\/wp-content\/uploads\/2026\/02\/Prado-Polo-5.jpg\u00a0\u00bb title_text=\u00a0\u00bbPrado Polo 5&Prime; _builder_version=\u00a0\u00bb4.27.5&Prime; _module_preset=\u00a0\u00bbdefault\u00a0\u00bb global_colors_info=\u00a0\u00bb{}\u00a0\u00bb][\/et_pb_image][\/et_pb_column][\/et_pb_row][et_pb_row _builder_version=\u00a0\u00bb4.27.6&Prime; _module_preset=\u00a0\u00bbdefault\u00a0\u00bb global_colors_info=\u00a0\u00bb{}\u00a0\u00bb][et_pb_column type=\u00a0\u00bb4_4&Prime; _builder_version=\u00a0\u00bb4.27.6&Prime; _module_preset=\u00a0\u00bbdefault\u00a0\u00bb global_colors_info=\u00a0\u00bb{}\u00a0\u00bb][et_pb_text admin_label=\u00a0\u00bbLejos de ser accesos compartidos o visitas convencionales\u00a0\u00bb _builder_version=\u00a0\u00bb4.27.6&Prime; _module_preset=\u00a0\u00bbdefault\u00a0\u00bb global_colors_info=\u00a0\u00bb{}\u00a0\u00bb]<\/p>\n<p style=\"text-align: justify;\">Loin d\u2019\u00eatre des acc\u00e8s partag\u00e9s ou des visites conventionnelles, ces lieux s\u2019int\u00e8grent \u00e0 l\u2019exp\u00e9rience avec soin, permettant de profiter d\u2019environnements singuliers en toute tranquillit\u00e9, avec une attention personnalis\u00e9e et un rythme pens\u00e9 pour chaque parcours. La combinaison de la valeur historique du ch\u00e2teau de Pedraza avec le confort, l\u2019hospitalit\u00e9 et le cadre privil\u00e9gi\u00e9 de Prado Polo apporte une dimension diff\u00e9renciante qui fait de cette travers\u00e9e l\u2019une des propositions les plus compl\u00e8tes et m\u00e9morables de Madrid Horse Tours. <\/p>\n<p>[\/et_pb_text][\/et_pb_column][\/et_pb_row][et_pb_row column_structure=\u00a0\u00bb3_5,2_5&Prime; _builder_version=\u00a0\u00bb4.27.5&Prime; _module_preset=\u00a0\u00bbdefault\u00a0\u00bb custom_padding=\u00a0\u00bb90px|||||\u00a0\u00bb global_colors_info=\u00a0\u00bb{}\u00a0\u00bb][et_pb_column type=\u00a0\u00bb3_5&Prime; _builder_version=\u00a0\u00bb4.27.5&Prime; _module_preset=\u00a0\u00bbdefault\u00a0\u00bb global_colors_info=\u00a0\u00bb{}\u00a0\u00bb][et_pb_image src=\u00a0\u00bbhttps:\/\/madridhorsetour.com\/wp-content\/uploads\/2026\/02\/Prado-Polo-1.jpg\u00a0\u00bb title_text=\u00a0\u00bbPrado Polo 1&Prime; _builder_version=\u00a0\u00bb4.27.5&Prime; _module_preset=\u00a0\u00bbdefault\u00a0\u00bb global_colors_info=\u00a0\u00bb{}\u00a0\u00bb][\/et_pb_image][\/et_pb_column][et_pb_column type=\u00a0\u00bb2_5&Prime; _builder_version=\u00a0\u00bb4.27.5&Prime; _module_preset=\u00a0\u00bbdefault\u00a0\u00bb global_colors_info=\u00a0\u00bb{}\u00a0\u00bb][et_pb_image src=\u00a0\u00bbhttps:\/\/madridhorsetour.com\/wp-content\/uploads\/2026\/06\/Madrid-Horse-Tour-79-1.jpg\u00a0\u00bb title_text=\u00a0\u00bbMadrid Horse Tour 79&Prime; _builder_version=\u00a0\u00bb4.27.6&Prime; _module_preset=\u00a0\u00bbdefault\u00a0\u00bb global_colors_info=\u00a0\u00bb{}\u00a0\u00bb][\/et_pb_image][\/et_pb_column][\/et_pb_row][et_pb_row _builder_version=\u00a0\u00bb4.27.6&Prime; _module_preset=\u00a0\u00bbdefault\u00a0\u00bb global_colors_info=\u00a0\u00bb{}\u00a0\u00bb][et_pb_column type=\u00a0\u00bb4_4&Prime; _builder_version=\u00a0\u00bb4.27.6&Prime; _module_preset=\u00a0\u00bbdefault\u00a0\u00bb global_colors_info=\u00a0\u00bb{}\u00a0\u00bb][et_pb_text admin_label=\u00a0\u00bbMadrid Horse Tours no solo propone rutas a caballo\u00a0\u00bb _builder_version=\u00a0\u00bb4.27.6&Prime; _module_preset=\u00a0\u00bbdefault\u00a0\u00bb global_colors_info=\u00a0\u00bb{}\u00a0\u00bb]<\/p>\n<p style=\"text-align: justify;\">Madrid Horse Tours ne propose pas seulement des randonn\u00e9es \u00e0 cheval, mais une mani\u00e8re diff\u00e9rente de vivre le paysage, o\u00f9 chaque parcours invite \u00e0 se connecter \u00e0 l\u2019environnement, \u00e0 l\u2019histoire et au cheval lui-m\u00eame, de fa\u00e7on authentique et m\u00e9morable.<br \/>Cet itin\u00e9raire \u00e9questre traverse certains des paysages et sites les plus repr\u00e9sentatifs de la Sierra de Guadarrama et de la province de S\u00e9govie, en combinant nature, histoire et tradition le long d\u2019un parcours con\u00e7u pour \u00eatre v\u00e9cu au rythme du cheval. Son \u00e9quilibre entre aventure, patrimoine, gastronomie et confort en fait l\u2019une des exp\u00e9riences les plus embl\u00e9matiques de notre calendrier annuel. <\/p>\n<p>[\/et_pb_text][\/et_pb_column][\/et_pb_row][\/et_pb_section][et_pb_section fb_built=\u00a0\u00bb1&Prime; admin_label=\u00a0\u00bbServices\u00a0\u00bb _builder_version=\u00a0\u00bb4.27.6&Prime; _module_preset=\u00a0\u00bbdefault\u00a0\u00bb background_color=\u00a0\u00bb#f4f1ee\u00a0\u00bb custom_padding=\u00a0\u00bb120px||120px|||\u00a0\u00bb locked=\u00a0\u00bboff\u00a0\u00bb collapsed=\u00a0\u00bboff\u00a0\u00bb global_colors_info=\u00a0\u00bb{}\u00a0\u00bb][et_pb_row _builder_version=\u00a0\u00bb4.21.0&Prime; _module_preset=\u00a0\u00bbdefault\u00a0\u00bb max_width=\u00a0\u00bb700px\u00a0\u00bb global_colors_info=\u00a0\u00bb{}\u00a0\u00bb][et_pb_column type=\u00a0\u00bb4_4&Prime; _builder_version=\u00a0\u00bb4.21.0&Prime; _module_preset=\u00a0\u00bbdefault\u00a0\u00bb global_colors_info=\u00a0\u00bb{}\u00a0\u00bb][et_pb_text admin_label=\u00a0\u00bbPlanes dise\u00f1ados para disfrutar con un servicio y un entorno incomparable\u00a0\u00bb _builder_version=\u00a0\u00bb4.27.6&Prime; _module_preset=\u00a0\u00bb_initial\u00a0\u00bb header_2_font=\u00a0\u00bbPlayfair Display|500|||||||\u00a0\u00bb header_2_text_color=\u00a0\u00bb#7e6849&Prime; header_2_font_size=\u00a0\u00bb40px\u00a0\u00bb header_2_line_height=\u00a0\u00bb1.2em\u00a0\u00bb text_orientation=\u00a0\u00bbcenter\u00a0\u00bb header_2_font_size_tablet=\u00a0\u00bb32px\u00a0\u00bb header_2_font_size_phone=\u00a0\u00bb20px\u00a0\u00bb header_2_font_size_last_edited=\u00a0\u00bbon|phone\u00a0\u00bb locked=\u00a0\u00bboff\u00a0\u00bb global_colors_info=\u00a0\u00bb{}\u00a0\u00bb]<\/p>\n<h2>Des programmes con\u00e7us pour \u00eatre v\u00e9cus avec un service et un cadre incomparables<\/h2>\n<p>[\/et_pb_text][\/et_pb_column][\/et_pb_row][et_pb_row column_structure=\u00a0\u00bb1_5,3_5,1_5&Prime; _builder_version=\u00a0\u00bb4.27.6&Prime; _module_preset=\u00a0\u00bbdefault\u00a0\u00bb global_colors_info=\u00a0\u00bb{}\u00a0\u00bb][et_pb_column type=\u00a0\u00bb1_5&Prime; _builder_version=\u00a0\u00bb4.27.6&Prime; _module_preset=\u00a0\u00bbdefault\u00a0\u00bb global_colors_info=\u00a0\u00bb{}\u00a0\u00bb][\/et_pb_column][et_pb_column type=\u00a0\u00bb3_5&Prime; _builder_version=\u00a0\u00bb4.27.6&Prime; _module_preset=\u00a0\u00bbdefault\u00a0\u00bb global_colors_info=\u00a0\u00bb{}\u00a0\u00bb][et_pb_image src=\u00a0\u00bbhttps:\/\/madridhorsetour.com\/wp-content\/uploads\/2026\/06\/Madrid-Horse-Tours-80.jpg\u00a0\u00bb title_text=\u00a0\u00bbMadrid Horse Tours 80&Prime; _builder_version=\u00a0\u00bb4.27.6&Prime; _module_preset=\u00a0\u00bbdefault\u00a0\u00bb global_colors_info=\u00a0\u00bb{}\u00a0\u00bb][\/et_pb_image][\/et_pb_column][et_pb_column type=\u00a0\u00bb1_5&Prime; _builder_version=\u00a0\u00bb4.27.6&Prime; _module_preset=\u00a0\u00bbdefault\u00a0\u00bb global_colors_info=\u00a0\u00bb{}\u00a0\u00bb][\/et_pb_column][\/et_pb_row][et_pb_row column_structure=\u00a0\u00bb1_2,1_2&Prime; _builder_version=\u00a0\u00bb4.27.5&Prime; _module_preset=\u00a0\u00bbdefault\u00a0\u00bb custom_margin=\u00a0\u00bb22px|auto||auto||\u00a0\u00bb global_colors_info=\u00a0\u00bb{}\u00a0\u00bb][et_pb_column type=\u00a0\u00bb1_2&Prime; _builder_version=\u00a0\u00bb4.27.5&Prime; _module_preset=\u00a0\u00bbdefault\u00a0\u00bb global_colors_info=\u00a0\u00bb{}\u00a0\u00bb][et_pb_text admin_label=\u00a0\u00bbMadrid Horse Tours desarrolla una propuesta de turismo ecuestre premium\u00a0\u00bb _builder_version=\u00a0\u00bb4.27.6&Prime; _module_preset=\u00a0\u00bb_initial\u00a0\u00bb text_line_height=\u00a0\u00bb1.8em\u00a0\u00bb header_5_font=\u00a0\u00bbPlayfair Display|500|||||||\u00a0\u00bb header_5_text_color=\u00a0\u00bb#2a2a2a\u00a0\u00bb header_5_font_size=\u00a0\u00bb19px\u00a0\u00bb header_5_line_height=\u00a0\u00bb1.4em\u00a0\u00bb custom_margin=\u00a0\u00bb||0px||false|false\u00a0\u00bb text_font_size_tablet=\u00a0\u00bb\u00a0\u00bb text_font_size_phone=\u00a0\u00bb\u00a0\u00bb text_font_size_last_edited=\u00a0\u00bbon|desktop\u00a0\u00bb header_5_font_size_tablet=\u00a0\u00bb16px\u00a0\u00bb header_5_font_size_phone=\u00a0\u00bb14px\u00a0\u00bb header_5_font_size_last_edited=\u00a0\u00bbon|phone\u00a0\u00bb global_colors_info=\u00a0\u00bb{}\u00a0\u00bb]<\/p>\n<p style=\"text-align: justify;\"><strong>Madrid Horse Tours<\/strong> d\u00e9veloppe une offre de tourisme \u00e9questre premium dans la Sierra de Guadarrama et la province de S\u00e9govie, reliant les versants madril\u00e8ne et segovien gr\u00e2ce \u00e0 des itin\u00e9raires con\u00e7us pour parcourir le territoire au rythme du cheval. Port\u00e9 par Javier \u00c1vila, le projet reprend la tradition du tourisme \u00e9questre dans la r\u00e9gion et l\u2019\u00e9l\u00e8ve vers une exp\u00e9rience structur\u00e9e, soign\u00e9e et contemporaine.<br \/>Bas\u00e9es dans des lieux tels que Soto del Real, Sotosalbos et Pedraza, <span style=\"font-size: 18px;\">les routes traversent des paysages de haute montagne,<\/span> <\/p>\n<p>[\/et_pb_text][\/et_pb_column][et_pb_column type=\u00a0\u00bb1_2&Prime; _builder_version=\u00a0\u00bb4.27.5&Prime; _module_preset=\u00a0\u00bbdefault\u00a0\u00bb global_colors_info=\u00a0\u00bb{}\u00a0\u00bb][et_pb_text admin_label=\u00a0\u00bbhist\u00f3ricos, v\u00edas pecuarias y antiguos pasos\u00a0\u00bb _builder_version=\u00a0\u00bb4.27.6&Prime; _module_preset=\u00a0\u00bb_initial\u00a0\u00bb text_line_height=\u00a0\u00bb1.8em\u00a0\u00bb header_5_font=\u00a0\u00bbPlayfair Display|500|||||||\u00a0\u00bb header_5_text_color=\u00a0\u00bb#2a2a2a\u00a0\u00bb header_5_font_size=\u00a0\u00bb19px\u00a0\u00bb header_5_line_height=\u00a0\u00bb1.4em\u00a0\u00bb custom_margin=\u00a0\u00bb||0px||false|false\u00a0\u00bb text_font_size_tablet=\u00a0\u00bb\u00a0\u00bb text_font_size_phone=\u00a0\u00bb\u00a0\u00bb text_font_size_last_edited=\u00a0\u00bbon|desktop\u00a0\u00bb header_5_font_size_tablet=\u00a0\u00bb16px\u00a0\u00bb header_5_font_size_phone=\u00a0\u00bb14px\u00a0\u00bb header_5_font_size_last_edited=\u00a0\u00bbon|phone\u00a0\u00bb global_colors_info=\u00a0\u00bb{}\u00a0\u00bb]<\/p>\n<div class=\"page\" title=\"Page 4\">\n<div class=\"section\">\n<div class=\"layoutArea\">\n<div class=\"column\">\n<p style=\"text-align: justify;\"><span style=\"font-size: 18px;\">des pin\u00e8des, des ch\u00eanaies et de vastes campagnes.<br \/>Tout au long de l\u2019itin\u00e9raire, le paysage \u00e9volue des cols de montagne et vall\u00e9es naturelles vers les horizons ouverts du plateau castillan, int\u00e9grant \u00e9galement des espaces naturels singuliers comme les gorges du Durat\u00f3n et du Riaza, les lagunes de Cantalejo ou les gen\u00e9vriers et ch\u00eanaies vertes du nord-est de la province de S\u00e9govie, o\u00f9 la faune et les rapaces font partie du d\u00e9cor.<\/span><\/p>\n<\/div>\n<\/div>\n<\/div>\n<\/div>\n<p>[\/et_pb_text][\/et_pb_column][\/et_pb_row][et_pb_row _builder_version=\u00a0\u00bb4.27.6&Prime; _module_preset=\u00a0\u00bbdefault\u00a0\u00bb global_colors_info=\u00a0\u00bb{}\u00a0\u00bb][et_pb_column type=\u00a0\u00bb4_4&Prime; _builder_version=\u00a0\u00bb4.27.6&Prime; _module_preset=\u00a0\u00bbdefault\u00a0\u00bb global_colors_info=\u00a0\u00bb{}\u00a0\u00bb][et_pb_image src=\u00a0\u00bbhttps:\/\/madridhorsetour.com\/wp-content\/uploads\/2026\/06\/MHT-ines-y-chica.jpg\u00a0\u00bb title_text=\u00a0\u00bbMHT Ines et fille\u00a0\u00bb _builder_version=\u00a0\u00bb4.27.6&Prime; _module_preset=\u00a0\u00bbdefault\u00a0\u00bb global_colors_info=\u00a0\u00bb{}\u00a0\u00bb][\/et_pb_image][\/et_pb_column][\/et_pb_row][\/et_pb_section][et_pb_section fb_built=\u00a0\u00bb1&Prime; disabled_on=\u00a0\u00bbon|off|off\u00a0\u00bb admin_label=\u00a0\u00bbLa experiencia Escritorio Tableta\u00a0\u00bb _builder_version=\u00a0\u00bb4.27.6&Prime; _module_preset=\u00a0\u00bbdefault\u00a0\u00bb background_color=\u00a0\u00bbgcid-e787f6e4-87be-4325-83ae-4380ef468485&Prime; custom_padding=\u00a0\u00bb120px||120px|||\u00a0\u00bb locked=\u00a0\u00bboff\u00a0\u00bb collapsed=\u00a0\u00bboff\u00a0\u00bb global_colors_info=\u00a0\u00bb{%22gcid-e787f6e4-87be-4325-83ae-4380ef468485%22:%91%22background_color%22%93}\u00a0\u00bb][et_pb_row _builder_version=\u00a0\u00bb4.27.6&Prime; _module_preset=\u00a0\u00bbdefault\u00a0\u00bb global_colors_info=\u00a0\u00bb{}\u00a0\u00bb][et_pb_column type=\u00a0\u00bb4_4&Prime; _builder_version=\u00a0\u00bb4.21.0&Prime; _module_preset=\u00a0\u00bbdefault\u00a0\u00bb global_colors_info=\u00a0\u00bb{}\u00a0\u00bb][et_pb_text admin_label=\u00a0\u00bbLa experiencia se concibe como un viaje completo,\u00a0\u00bb _builder_version=\u00a0\u00bb4.27.6&Prime; _module_preset=\u00a0\u00bb_initial\u00a0\u00bb text_line_height=\u00a0\u00bb1.8em\u00a0\u00bb text_font_size_tablet=\u00a0\u00bb15px\u00a0\u00bb text_font_size_phone=\u00a0\u00bb14px\u00a0\u00bb text_font_size_last_edited=\u00a0\u00bboff|desktop\u00a0\u00bb locked=\u00a0\u00bboff\u00a0\u00bb global_colors_info=\u00a0\u00bb{}\u00a0\u00bb]<\/p>\n<p style=\"text-align: justify;\">L\u2019exp\u00e9rience est con\u00e7ue comme un voyage complet, o\u00f9 nature, patrimoine et culture se combinent avec la gastronomie locale et l\u2019acc\u00e8s \u00e0 des sites historiques, offrant une mani\u00e8re authentique de d\u00e9couvrir le territoire \u00e0 cheval.<\/p>\n<p style=\"text-align: justify;\">Au-del\u00e0 des grandes travers\u00e9es, <strong>Madrid Horse Tours<\/strong> propose une offre vari\u00e9e incluant des itin\u00e9raires de plus courte dur\u00e9e, des propositions sur mesure dans diff\u00e9rentes r\u00e9gions, ainsi que des exp\u00e9riences compl\u00e9mentaires li\u00e9es au monde \u00e9questre, au patrimoine et aux loisirs, permettant d\u2019adapter chaque parcours au voyageur sans perdre l\u2019essence du projet.<\/p>\n<p>[\/et_pb_text][et_pb_text admin_label=\u00a0\u00bbMadrid Horse Tours no solo propone rutas a caballo,\u00a0\u00bb _builder_version=\u00a0\u00bb4.27.6&Prime; _module_preset=\u00a0\u00bb_initial\u00a0\u00bb text_line_height=\u00a0\u00bb1.8em\u00a0\u00bb text_font_size_tablet=\u00a0\u00bb15px\u00a0\u00bb text_font_size_phone=\u00a0\u00bb14px\u00a0\u00bb text_font_size_last_edited=\u00a0\u00bbon|desktop\u00a0\u00bb locked=\u00a0\u00bboff\u00a0\u00bb global_colors_info=\u00a0\u00bb{}\u00a0\u00bb]<\/p>\n<p style=\"text-align: justify;\"><strong>Madrid Horse Tours<\/strong> ne propose pas seulement des randonn\u00e9es \u00e0 cheval, mais une mani\u00e8re de parcourir le paysage, en reliant chaque \u00e9tape \u00e0 son histoire, \u00e0 son environnement et \u00e0 l\u2019exp\u00e9rience \u00e9questre, dans un voyage coh\u00e9rent, profond et inoubliable.<\/p>\n<p>[\/et_pb_text][\/et_pb_column][\/et_pb_row][\/et_pb_section][et_pb_section fb_built=\u00a0\u00bb1&Prime; disabled_on=\u00a0\u00bboff|on|on\u00a0\u00bb admin_label=\u00a0\u00bbLa experiencia M\u00f3vil\u00a0\u00bb _builder_version=\u00a0\u00bb4.27.6&Prime; _module_preset=\u00a0\u00bbdefault\u00a0\u00bb background_color=\u00a0\u00bbgcid-e787f6e4-87be-4325-83ae-4380ef468485&Prime; custom_padding=\u00a0\u00bb120px||120px|||\u00a0\u00bb locked=\u00a0\u00bboff\u00a0\u00bb collapsed=\u00a0\u00bboff\u00a0\u00bb global_colors_info=\u00a0\u00bb{%22gcid-e787f6e4-87be-4325-83ae-4380ef468485%22:%91%22background_color%22%93}\u00a0\u00bb][et_pb_row _builder_version=\u00a0\u00bb4.27.6&Prime; _module_preset=\u00a0\u00bbdefault\u00a0\u00bb global_colors_info=\u00a0\u00bb{}\u00a0\u00bb][et_pb_column type=\u00a0\u00bb4_4&Prime; _builder_version=\u00a0\u00bb4.27.6&Prime; _module_preset=\u00a0\u00bbdefault\u00a0\u00bb global_colors_info=\u00a0\u00bb{}\u00a0\u00bb][et_pb_text admin_label=\u00a0\u00bbLa experiencia se concibe como un viaje completo,\u00a0\u00bb _builder_version=\u00a0\u00bb4.27.6&Prime; _module_preset=\u00a0\u00bb_initial\u00a0\u00bb text_line_height=\u00a0\u00bb1.8em\u00a0\u00bb text_font_size_tablet=\u00a0\u00bb15px\u00a0\u00bb text_font_size_phone=\u00a0\u00bb14px\u00a0\u00bb text_font_size_last_edited=\u00a0\u00bboff|desktop\u00a0\u00bb locked=\u00a0\u00bboff\u00a0\u00bb global_colors_info=\u00a0\u00bb{}\u00a0\u00bb]<\/p>\n<p style=\"text-align: justify;\">L\u2019exp\u00e9rience est con\u00e7ue comme un voyage complet, o\u00f9 nature, patrimoine et culture se combinent avec la gastronomie locale et l\u2019acc\u00e8s \u00e0 des sites historiques, offrant une mani\u00e8re authentique de d\u00e9couvrir le territoire \u00e0 cheval.<\/p>\n<p style=\"text-align: justify;\">Au-del\u00e0 des grandes travers\u00e9es, <strong>Madrid Horse Tours<\/strong> propose une offre vari\u00e9e incluant des itin\u00e9raires de plus courte dur\u00e9e, des propositions sur mesure dans diff\u00e9rentes r\u00e9gions, ainsi que des exp\u00e9riences compl\u00e9mentaires li\u00e9es au monde \u00e9questre, au patrimoine et aux loisirs, permettant d\u2019adapter chaque parcours au voyageur sans perdre l\u2019essence du projet.<\/p>\n<p>[\/et_pb_text][et_pb_text admin_label=\u00a0\u00bbMadrid Horse Tours no solo propone rutas a caballo,\u00a0\u00bb _builder_version=\u00a0\u00bb4.27.6&Prime; _module_preset=\u00a0\u00bb_initial\u00a0\u00bb text_line_height=\u00a0\u00bb1.8em\u00a0\u00bb text_font_size_tablet=\u00a0\u00bb15px\u00a0\u00bb text_font_size_phone=\u00a0\u00bb14px\u00a0\u00bb text_font_size_last_edited=\u00a0\u00bboff|desktop\u00a0\u00bb locked=\u00a0\u00bboff\u00a0\u00bb global_colors_info=\u00a0\u00bb{}\u00a0\u00bb]<\/p>\n<p>Madrid Horse Tours ne propose pas seulement des randonn\u00e9es \u00e0 cheval, mais une mani\u00e8re de parcourir le paysage, en reliant chaque \u00e9tape \u00e0 son histoire, \u00e0 son environnement et \u00e0 l\u2019exp\u00e9rience \u00e9questre, dans un voyage coh\u00e9rent, profond et inoubliable.<\/p>\n<p>[\/et_pb_text][\/et_pb_column][\/et_pb_row][\/et_pb_section][et_pb_section fb_built=\u00a0\u00bb1&Prime; disabled_on=\u00a0\u00bbon|on|off\u00a0\u00bb admin_label=\u00a0\u00bbCall to Action Escritorio\u00a0\u00bb _builder_version=\u00a0\u00bb4.27.6&Prime; _module_preset=\u00a0\u00bbdefault\u00a0\u00bb background_color=\u00a0\u00bb#FFFFFF\u00a0\u00bb custom_padding=\u00a0\u00bb90px||113px|||\u00a0\u00bb collapsed=\u00a0\u00bboff\u00a0\u00bb global_colors_info=\u00a0\u00bb{}\u00a0\u00bb][et_pb_row _builder_version=\u00a0\u00bb4.27.5&Prime; _module_preset=\u00a0\u00bbdefault\u00a0\u00bb global_colors_info=\u00a0\u00bb{}\u00a0\u00bb][et_pb_column type=\u00a0\u00bb4_4&Prime; _builder_version=\u00a0\u00bb4.27.5&Prime; _module_preset=\u00a0\u00bbdefault\u00a0\u00bb global_colors_info=\u00a0\u00bb{}\u00a0\u00bb][et_pb_text admin_label=\u00a0\u00bbLo que distingue cada encuentro\u00a0\u00bb _builder_version=\u00a0\u00bb4.27.6&Prime; _module_preset=\u00a0\u00bb_initial\u00a0\u00bb header_2_font=\u00a0\u00bbPlayfair Display|500|||||||\u00a0\u00bb header_2_text_color=\u00a0\u00bb#7e6849&Prime; header_2_font_size=\u00a0\u00bb40px\u00a0\u00bb header_2_line_height=\u00a0\u00bb1.2em\u00a0\u00bb text_orientation=\u00a0\u00bbcenter\u00a0\u00bb custom_margin=\u00a0\u00bb||10px||false|false\u00a0\u00bb custom_padding=\u00a0\u00bb40px||30px||false|false\u00a0\u00bb header_2_font_size_tablet=\u00a0\u00bb32px\u00a0\u00bb header_2_font_size_phone=\u00a0\u00bb20px\u00a0\u00bb header_2_font_size_last_edited=\u00a0\u00bbon|phone\u00a0\u00bb global_colors_info=\u00a0\u00bb{}\u00a0\u00bb]<\/p>\n<h2>Ce qui distingue chaque rencontre<\/h2>\n<p>[\/et_pb_text][et_pb_image src=\u00a0\u00bbhttps:\/\/madridhorsetour.com\/wp-content\/uploads\/2026\/07\/LO-QUE-DISTINGUE-CADA-ENCUENTRO-scaled.jpeg\u00a0\u00bb title_text=\u00a0\u00bbLO QUE DISTINGUE CADA ENCUENTRO\u00a0\u00bb _builder_version=\u00a0\u00bb4.27.6&Prime; _module_preset=\u00a0\u00bbdefault\u00a0\u00bb global_colors_info=\u00a0\u00bb{}\u00a0\u00bb][\/et_pb_image][\/et_pb_column][\/et_pb_row][et_pb_row _builder_version=\u00a0\u00bb4.27.5&Prime; _module_preset=\u00a0\u00bbdefault\u00a0\u00bb global_colors_info=\u00a0\u00bb{}\u00a0\u00bb][et_pb_column type=\u00a0\u00bb4_4&Prime; _builder_version=\u00a0\u00bb4.27.5&Prime; _module_preset=\u00a0\u00bbdefault\u00a0\u00bb global_colors_info=\u00a0\u00bb{}\u00a0\u00bb][et_pb_text admin_label=\u00a0\u00bbEn Madrid Horse Tour cada experiencia est\u00e1 dise\u00f1ada como un ritual cuidado hasta el \u00faltimo detalle. Una atm\u00f3sfera que lo envuelve todo.\u00a0\u00bb _builder_version=\u00a0\u00bb4.27.6&Prime; _module_preset=\u00a0\u00bbdefault\u00a0\u00bb header_3_line_height=\u00a0\u00bb1.2em\u00a0\u00bb custom_padding=\u00a0\u00bb|30px||30px|false|false\u00a0\u00bb global_colors_info=\u00a0\u00bb{}\u00a0\u00bb]<\/p>\n<h3 style=\"text-align: center;\">Chez <strong>Madrid Horse Tour<\/strong>, chaque exp\u00e9rience est con\u00e7ue comme un rituel soign\u00e9 jusque dans les moindres d\u00e9tails. Une atmosph\u00e8re qui enveloppe tout. <\/h3>\n<p>[\/et_pb_text][\/et_pb_column][\/et_pb_row][et_pb_row column_structure=\u00a0\u00bb1_2,1_2&Prime; _builder_version=\u00a0\u00bb4.27.5&Prime; _module_preset=\u00a0\u00bbdefault\u00a0\u00bb global_colors_info=\u00a0\u00bb{}\u00a0\u00bb][et_pb_column type=\u00a0\u00bb1_2&Prime; _builder_version=\u00a0\u00bb4.27.5&Prime; _module_preset=\u00a0\u00bbdefault\u00a0\u00bb global_colors_info=\u00a0\u00bb{}\u00a0\u00bb][et_pb_text admin_label=\u00a0\u00bbGastronom\u00eda que honra el momento\u00a0\u00bb _builder_version=\u00a0\u00bb4.27.6&Prime; _module_preset=\u00a0\u00bbdefault\u00a0\u00bb text_font_size=\u00a0\u00bb17px\u00a0\u00bb header_3_font=\u00a0\u00bb|700|||||||\u00a0\u00bb global_colors_info=\u00a0\u00bb{}\u00a0\u00bb]<\/p>\n<h3>Une gastronomie qui honore l\u2019instant<\/h3>\n<p style=\"text-align: justify;\">Apr\u00e8s la randonn\u00e9e, la table devient un point de rencontre. Des ap\u00e9ritifs s\u00e9lectionn\u00e9s, des grillades soigneusement pr\u00e9par\u00e9es, des riz qui c\u00e9l\u00e8brent le terroir et des propositions adapt\u00e9es \u00e0 chaque invit\u00e9. Des options pour v\u00e9g\u00e9tariens, vegans, personnes c\u0153liaques ou tout besoin sp\u00e9cifique.  <\/p>\n<p>[\/et_pb_text][\/et_pb_column][et_pb_column type=\u00a0\u00bb1_2&Prime; _builder_version=\u00a0\u00bb4.27.5&Prime; _module_preset=\u00a0\u00bbdefault\u00a0\u00bb global_colors_info=\u00a0\u00bb{}\u00a0\u00bb][et_pb_text admin_label=\u00a0\u00bbVinos y bebidas seleccionados con criterio\u00a0\u00bb _builder_version=\u00a0\u00bb4.27.6&Prime; _module_preset=\u00a0\u00bbdefault\u00a0\u00bb text_font_size=\u00a0\u00bb17px\u00a0\u00bb header_3_font=\u00a0\u00bb|700|||||||\u00a0\u00bb global_colors_info=\u00a0\u00bb{}\u00a0\u00bb]<\/p>\n<h3>Vins et boissons s\u00e9lectionn\u00e9s avec discernement<\/h3>\n<p style=\"text-align: justify;\">Des vins choisis pour leur caract\u00e8re et leur \u00e9quilibre, servis au bon moment ; une s\u00e9lection soign\u00e9e de bi\u00e8res, sodas et caf\u00e9s qui accompagnent la fin de repas et prolongent la conversation.<br \/>Chaque choix r\u00e9pond \u00e0 une intention. Chaque verre fait partie du souvenir. <\/p>\n<p>[\/et_pb_text][\/et_pb_column][\/et_pb_row][et_pb_row column_structure=\u00a0\u00bb1_2,1_2&Prime; _builder_version=\u00a0\u00bb4.27.5&Prime; _module_preset=\u00a0\u00bbdefault\u00a0\u00bb custom_margin=\u00a0\u00bb|auto|32px|auto||\u00a0\u00bb global_colors_info=\u00a0\u00bb{}\u00a0\u00bb][et_pb_column type=\u00a0\u00bb1_2&Prime; _builder_version=\u00a0\u00bb4.27.5&Prime; _module_preset=\u00a0\u00bbdefault\u00a0\u00bb global_colors_info=\u00a0\u00bb{}\u00a0\u00bb][et_pb_text admin_label=\u00a0\u00bbUna atenci\u00f3n que marca la diferencia\u00a0\u00bb _builder_version=\u00a0\u00bb4.27.6&Prime; _module_preset=\u00a0\u00bbdefault\u00a0\u00bb text_font_size=\u00a0\u00bb17px\u00a0\u00bb header_3_font=\u00a0\u00bb|700|||||||\u00a0\u00bb global_colors_info=\u00a0\u00bb{}\u00a0\u00bb]<\/p>\n<h3>Une attention qui fait la diff\u00e9rence<\/h3>\n<p style=\"text-align: justify;\">Chaque rencontre se d\u00e9roule selon un standard d\u2019excellence et de soin, pens\u00e9 pour que ceux qui aiment le cheval et la nature puissent se concentrer uniquement sur le plaisir du parcours. Une attention proche et professionnelle, parfaitement coordonn\u00e9e au rythme de la journ\u00e9e, o\u00f9 chaque d\u00e9tail est soign\u00e9 avec discernement et respect de l\u2019environnement.<\/p>\n<p>[\/et_pb_text][\/et_pb_column][et_pb_column type=\u00a0\u00bb1_2&Prime; _builder_version=\u00a0\u00bb4.27.5&Prime; _module_preset=\u00a0\u00bbdefault\u00a0\u00bb global_colors_info=\u00a0\u00bb{}\u00a0\u00bb][et_pb_text admin_label=\u00a0\u00bbCaballos preparados para cada jinete\u00a0\u00bb _builder_version=\u00a0\u00bb4.27.6&Prime; _module_preset=\u00a0\u00bbdefault\u00a0\u00bb text_font_size=\u00a0\u00bb17px\u00a0\u00bb header_3_font=\u00a0\u00bb|700|||||||\u00a0\u00bb global_colors_info=\u00a0\u00bb{}\u00a0\u00bb]<\/p>\n<h3>Des chevaux pr\u00e9par\u00e9s pour chaque cavalier<\/h3>\n<p style=\"text-align: justify;\">Nos chevaux sont entra\u00een\u00e9s et s\u00e9lectionn\u00e9s selon le niveau d\u2019\u00e9quitation de chaque participant. Des guides \u00e9questres accompagnent l\u2019exp\u00e9rience avec professionnalisme et sensibilit\u00e9, garantissant s\u00e9curit\u00e9, fluidit\u00e9 et v\u00e9ritable connexion avec l\u2019animal. <\/p>\n<p>[\/et_pb_text][\/et_pb_column][\/et_pb_row][\/et_pb_section][et_pb_section fb_built=\u00a0\u00bb1&Prime; disabled_on=\u00a0\u00bboff|off|on\u00a0\u00bb admin_label=\u00a0\u00bbCall to Action M\u00f3vil Tabletas\u00a0\u00bb _builder_version=\u00a0\u00bb4.27.6&Prime; _module_preset=\u00a0\u00bbdefault\u00a0\u00bb background_color=\u00a0\u00bb#FFFFFF\u00a0\u00bb custom_padding=\u00a0\u00bb90px||113px|||\u00a0\u00bb collapsed=\u00a0\u00bboff\u00a0\u00bb global_colors_info=\u00a0\u00bb{}\u00a0\u00bb][et_pb_row _builder_version=\u00a0\u00bb4.27.5&Prime; _module_preset=\u00a0\u00bbdefault\u00a0\u00bb global_colors_info=\u00a0\u00bb{}\u00a0\u00bb][et_pb_column type=\u00a0\u00bb4_4&Prime; _builder_version=\u00a0\u00bb4.27.5&Prime; _module_preset=\u00a0\u00bbdefault\u00a0\u00bb global_colors_info=\u00a0\u00bb{}\u00a0\u00bb][et_pb_text admin_label=\u00a0\u00bbLo que distingue cada encuentro\u00a0\u00bb _builder_version=\u00a0\u00bb4.27.6&Prime; _module_preset=\u00a0\u00bb_initial\u00a0\u00bb header_2_font=\u00a0\u00bbPlayfair Display|500|||||||\u00a0\u00bb header_2_text_color=\u00a0\u00bb#7e6849&Prime; header_2_font_size=\u00a0\u00bb40px\u00a0\u00bb header_2_line_height=\u00a0\u00bb1.2em\u00a0\u00bb text_orientation=\u00a0\u00bbcenter\u00a0\u00bb custom_margin=\u00a0\u00bb||10px||false|false\u00a0\u00bb custom_padding=\u00a0\u00bb40px||30px||false|false\u00a0\u00bb header_2_font_size_tablet=\u00a0\u00bb32px\u00a0\u00bb header_2_font_size_phone=\u00a0\u00bb20px\u00a0\u00bb header_2_font_size_last_edited=\u00a0\u00bbon|phone\u00a0\u00bb global_colors_info=\u00a0\u00bb{}\u00a0\u00bb]<\/p>\n<h2>Ce qui distingue chaque rencontre<\/h2>\n<p>[\/et_pb_text][et_pb_image src=\u00a0\u00bbhttps:\/\/madridhorsetour.com\/wp-content\/uploads\/2026\/07\/LO-QUE-DISTINGUE-CADA-ENCUENTRO-scaled.jpeg\u00a0\u00bb title_text=\u00a0\u00bbLO QUE DISTINGUE CADA ENCUENTRO\u00a0\u00bb _builder_version=\u00a0\u00bb4.27.6&Prime; _module_preset=\u00a0\u00bbdefault\u00a0\u00bb global_colors_info=\u00a0\u00bb{}\u00a0\u00bb][\/et_pb_image][\/et_pb_column][\/et_pb_row][et_pb_row _builder_version=\u00a0\u00bb4.27.5&Prime; _module_preset=\u00a0\u00bbdefault\u00a0\u00bb global_colors_info=\u00a0\u00bb{}\u00a0\u00bb][et_pb_column type=\u00a0\u00bb4_4&Prime; _builder_version=\u00a0\u00bb4.27.5&Prime; _module_preset=\u00a0\u00bbdefault\u00a0\u00bb global_colors_info=\u00a0\u00bb{}\u00a0\u00bb][et_pb_text admin_label=\u00a0\u00bbEn Madrid Horse Tour cada experiencia est\u00e1 dise\u00f1ada como un ritual cuidado hasta el \u00faltimo detalle. Una atm\u00f3sfera que lo envuelve todo.\u00a0\u00bb _builder_version=\u00a0\u00bb4.27.6&Prime; _module_preset=\u00a0\u00bbdefault\u00a0\u00bb header_3_line_height=\u00a0\u00bb1.2em\u00a0\u00bb custom_padding=\u00a0\u00bb|30px||30px|false|false\u00a0\u00bb global_colors_info=\u00a0\u00bb{}\u00a0\u00bb]<\/p>\n<h3 style=\"text-align: center;\">Chez <strong>Madrid Horse Tour<\/strong>, chaque exp\u00e9rience est con\u00e7ue comme un rituel soign\u00e9 jusque dans les moindres d\u00e9tails. Une atmosph\u00e8re qui enveloppe tout. <\/h3>\n<p>[\/et_pb_text][\/et_pb_column][\/et_pb_row][et_pb_row _builder_version=\u00a0\u00bb4.27.6&Prime; _module_preset=\u00a0\u00bbdefault\u00a0\u00bb global_colors_info=\u00a0\u00bb{}\u00a0\u00bb][et_pb_column type=\u00a0\u00bb4_4&Prime; _builder_version=\u00a0\u00bb4.27.6&Prime; _module_preset=\u00a0\u00bbdefault\u00a0\u00bb global_colors_info=\u00a0\u00bb{}\u00a0\u00bb][et_pb_text admin_label=\u00a0\u00bbUn entorno que transforma  Cabalgamos en uno de los paisajes m\u00e1s privilegiados de&#8230;\u00a0\u00bb _builder_version=\u00a0\u00bb4.27.6&Prime; _module_preset=\u00a0\u00bbdefault\u00a0\u00bb global_colors_info=\u00a0\u00bb{}\u00a0\u00bb]<\/p>\n<h3>Une gastronomie qui honore l\u2019instant<\/h3>\n<p style=\"text-align: justify;\">Apr\u00e8s la randonn\u00e9e, la table devient un point de rencontre. Des ap\u00e9ritifs s\u00e9lectionn\u00e9s, des grillades soigneusement pr\u00e9par\u00e9es, des riz qui c\u00e9l\u00e8brent le terroir et des propositions adapt\u00e9es \u00e0 chaque invit\u00e9. Des options pour v\u00e9g\u00e9tariens, vegans, personnes c\u0153liaques ou tout besoin sp\u00e9cifique.  <\/p>\n<h3>Vins et boissons s\u00e9lectionn\u00e9s avec discernement<\/h3>\n<p style=\"text-align: justify;\">Des vins choisis pour leur caract\u00e8re et leur \u00e9quilibre, servis au bon moment ; une s\u00e9lection soign\u00e9e de bi\u00e8res, sodas et caf\u00e9s qui accompagnent la fin de repas et prolongent la conversation.<br \/>Chaque choix r\u00e9pond \u00e0 une intention. Chaque verre fait partie du souvenir. <\/p>\n<h3>Une attention qui fait la diff\u00e9rence<\/h3>\n<p style=\"text-align: justify;\">Chaque rencontre se d\u00e9roule selon un standard d\u2019excellence et de soin, pens\u00e9 pour que ceux qui aiment le cheval et la nature puissent se concentrer uniquement sur le plaisir du parcours. Une attention proche et professionnelle, parfaitement coordonn\u00e9e au rythme de la journ\u00e9e, o\u00f9 chaque d\u00e9tail est soign\u00e9 avec discernement et respect de l\u2019environnement.<\/p>\n<h3>Des chevaux pr\u00e9par\u00e9s pour chaque cavalier<\/h3>\n<p style=\"text-align: justify;\">Nos chevaux sont entra\u00een\u00e9s et s\u00e9lectionn\u00e9s selon le niveau d\u2019\u00e9quitation de chaque participant. Des guides \u00e9questres accompagnent l\u2019exp\u00e9rience avec professionnalisme et sensibilit\u00e9, garantissant s\u00e9curit\u00e9, fluidit\u00e9 et v\u00e9ritable connexion avec l\u2019animal. <\/p>\n<p style=\"text-align: justify;\">[\/et_pb_text][\/et_pb_column][\/et_pb_row][\/et_pb_section][et_pb_section fb_built=\u00a0\u00bb1&Prime; _builder_version=\u00a0\u00bb4.27.5&Prime; _module_preset=\u00a0\u00bbdefault\u00a0\u00bb background_color=\u00a0\u00bb#f4f1ee\u00a0\u00bb custom_padding=\u00a0\u00bb120px|||||\u00a0\u00bb global_colors_info=\u00a0\u00bb{}\u00a0\u00bb][et_pb_row column_structure=\u00a0\u00bb1_2,1_2&Prime; _builder_version=\u00a0\u00bb4.27.5&Prime; _module_preset=\u00a0\u00bbdefault\u00a0\u00bb custom_margin=\u00a0\u00bb|auto|70px|auto||\u00a0\u00bb global_colors_info=\u00a0\u00bb{}\u00a0\u00bb][et_pb_column type=\u00a0\u00bb1_2&Prime; _builder_version=\u00a0\u00bb4.27.5&Prime; _module_preset=\u00a0\u00bbdefault\u00a0\u00bb global_colors_info=\u00a0\u00bb{}\u00a0\u00bb][et_pb_text admin_label=\u00a0\u00bbNos encontramos en Soto del Real, en pleno coraz\u00f3n de la Sierra madrile\u00f1a\u00a0\u00bb _builder_version=\u00a0\u00bb4.27.6&Prime; _module_preset=\u00a0\u00bbdefault\u00a0\u00bb text_line_height=\u00a0\u00bb1.8em\u00a0\u00bb header_2_text_color=\u00a0\u00bb#7e6849&Prime; header_2_font_size=\u00a0\u00bb40px\u00a0\u00bb global_colors_info=\u00a0\u00bb{}\u00a0\u00bb]<\/p>\n<p style=\"text-align: justify;\">Nous sommes \u00e0 Soto del Real, au c\u0153ur de la Sierra madril\u00e8ne. Un site naturel qui marque la transition entre Madrid et les montagnes qui m\u00e8nent vers S\u00e9govie. <\/p>\n<p style=\"text-align: justify;\">D\u2019ici partent des itin\u00e9raires \u00e9questres qui traversent des paysages ouverts et des chemins charg\u00e9s d\u2019histoire, o\u00f9 chaque chevauch\u00e9e devient un voyage entre la sophistication urbaine et l\u2019authenticit\u00e9 du monde rural.<\/p>\n<p style=\"text-align: justify;\">\u00c0 30 minutes de la capitale, l\u2019acc\u00e8s est aussi confortable qu\u2019imm\u00e9diat.<\/p>\n<p style=\"text-align: justify;\">Nous nous chargeons des transferts pour que l\u2019exp\u00e9rience commence d\u00e8s le premier instant : prise en charge \u00e0 l\u2019a\u00e9roport pour ceux qui arrivent de l\u2019ext\u00e9rieur de Madrid et point de rendez-vous \u00e0 Soto del Real, \u00e0 quelques minutes du domaine, pour ceux qui se trouvent dans la r\u00e9gion.<\/p>\n<p style=\"text-align: justify;\">Une destination proche. Un changement de d\u00e9cor absolu. <\/p>\n<p>[\/et_pb_text][\/et_pb_column][et_pb_column type=\u00a0\u00bb1_2&Prime; _builder_version=\u00a0\u00bb4.27.5&Prime; _module_preset=\u00a0\u00bbdefault\u00a0\u00bb global_colors_info=\u00a0\u00bb{}\u00a0\u00bb][et_pb_image src=\u00a0\u00bbhttps:\/\/madridhorsetour.com\/wp-content\/uploads\/2026\/06\/Madrid-Horse-Tour-82.jpg\u00a0\u00bb title_text=\u00a0\u00bbMadrid Horse Tour 82&Prime; _builder_version=\u00a0\u00bb4.27.6&Prime; _module_preset=\u00a0\u00bbdefault\u00a0\u00bb global_colors_info=\u00a0\u00bb{}\u00a0\u00bb][\/et_pb_image][\/et_pb_column][\/et_pb_row][\/et_pb_section]<\/p>\n","protected":false},"excerpt":{"rendered":"<p>Chez Madrid Horse Tour, nous proposons des exp\u00e9riences \u00e9questres exclusives \u00e0 travers la Sierra madril\u00e8ne, des itin\u00e9raires historiques entre ch\u00e2teaux et des parcours d\u2019exception reliant la Sierra segovienne, dans un cadre naturel d\u2019une beaut\u00e9 extraordinaire et d\u2019une grande valeur patrimoniale.D\u00e9connectez de la ville \u00e0 moins d\u2019une heure de Madrid. Chevauchez \u00e0 travers des paysages majestueux [&hellip;]<\/p>\n","protected":false},"author":1,"featured_media":0,"parent":0,"menu_order":0,"comment_status":"closed","ping_status":"closed","template":"","meta":{"_et_pb_use_builder":"on","_et_pb_old_content":"","_et_gb_content_width":"","footnotes":""},"class_list":["post-3132","page","type-page","status-publish","hentry"],"_links":{"self":[{"href":"https:\/\/madridhorsetour.com\/fr\/wp-json\/wp\/v2\/pages\/3132","targetHints":{"allow":["GET"]}}],"collection":[{"href":"https:\/\/madridhorsetour.com\/fr\/wp-json\/wp\/v2\/pages"}],"about":[{"href":"https:\/\/madridhorsetour.com\/fr\/wp-json\/wp\/v2\/types\/page"}],"author":[{"embeddable":true,"href":"https:\/\/madridhorsetour.com\/fr\/wp-json\/wp\/v2\/users\/1"}],"replies":[{"embeddable":true,"href":"https:\/\/madridhorsetour.com\/fr\/wp-json\/wp\/v2\/comments?post=3132"}],"version-history":[{"count":12,"href":"https:\/\/madridhorsetour.com\/fr\/wp-json\/wp\/v2\/pages\/3132\/revisions"}],"predecessor-version":[{"id":3657,"href":"https:\/\/madridhorsetour.com\/fr\/wp-json\/wp\/v2\/pages\/3132\/revisions\/3657"}],"wp:attachment":[{"href":"https:\/\/madridhorsetour.com\/fr\/wp-json\/wp\/v2\/media?parent=3132"}],"curies":[{"name":"wp","href":"https:\/\/api.w.org\/{rel}","templated":true}]}}